{"id":996,"date":"2015-02-22T13:28:30","date_gmt":"2015-02-22T12:28:30","guid":{"rendered":"http:\/\/czarna5.zhp.net.pl\/?page_id=996"},"modified":"2021-10-14T17:27:01","modified_gmt":"2021-10-14T16:27:01","slug":"pddh-niezlomni","status":"publish","type":"page","link":"https:\/\/czarna5.zhp.net.pl\/?page_id=996","title":{"rendered":"15 D\u0105browska Dru\u017cyna Starszoharcerska &#8222;Niez\u0142omni&#8221;"},"content":{"rendered":"<p>Nasza dru\u017cyna dzia\u0142a nieprzerwanie od 2014 na terenie Centrum w D\u0105browie G\u00f3rniczej. Zrzeszamy m\u0142odzie\u017c w wieku 13-16 lat (7, 8 klasa szko\u0142y podstawowej i 1 klasa szko\u0142y \u015bredniej). Dzia\u0142amy w Zwi\u0105zku Harcerstwa Polskiego, kt\u00f3ry jest najwi\u0119ksz\u0105 organizacj\u0105 m\u0142odzie\u017cow\u0105 i wychowawcz\u0105 w Polsce.<\/p>\n<p class=\"m_6620225110692895509x_MsoNormal\">Jeste\u015bmy harcerzami starszymi. Poszukujemy siebie, odkrywamy swoje zalety, kt\u00f3re stale udoskonalamy i s\u0142abo\u015bci, kt\u00f3re staramy si\u0119 niwelowa\u0107. Dzielimy si\u0119 swoimi pasjami, du\u017co dyskutujemy i poszukujemy odpowiedzi na pytanie \u201cdlaczego?\u201d.<\/p>\n<p class=\"m_6620225110692895509x_MsoNormal\">A wszystko to robimy poprzez:<\/p>\n<p><b>Linki do medi\u00f3w spo\u0142eczno\u015bciowych<\/b><\/p>\n<p>fb-\u00a0https:\/\/www.facebook.com\/<wbr \/>15DDSNiezlomni\/<br \/>\ninstagram-<a id=\"m_6620225110692895509LPlnk915823\" class=\"m_6620225110692895509x_OWAAutoLink\" href=\"https:\/\/www.instagram.com\/15_dds\/\" target=\"_blank\" rel=\"noopener\" data-saferedirecturl=\"https:\/\/www.google.com\/url?q=https:\/\/www.instagram.com\/15_dds\/&amp;source=gmail&amp;ust=1550874381780000&amp;usg=AFQjCNE_FjJSATgzj6geZFKhKzkeIpJR0Q\">https:\/\/www.<wbr \/>instagram.com\/15_dds\/<br \/>\n<\/a>www- <a href=\"https:\/\/15dds.cba.pl\/\">https:\/\/15dds.cba.pl\/<\/a><\/p>\n<p>Dru\u017cynowy \u0107w. Kacper Szymankiewicz<br \/>\ntel: 690 551 212<br \/>\nmail: <a href=\"kacper.szymankiewicz@zhp.net.pl\">kacper.szymankiewicz@zhp.net.pl<\/a><\/p>\n<p><a href=\"http:\/\/czarna5.zhp.net.pl\/wp-content\/uploads\/2015\/02\/DSC_4525-1.jpg\" rel=\"attachment wp-att-1738\"><img loading=\"lazy\" class=\"size-medium wp-image-1738 aligncenter\" src=\"http:\/\/czarna5.zhp.net.pl\/wp-content\/uploads\/2015\/02\/DSC_4525-1-400x227.jpg\" alt=\"DSC_4525 (1)\" width=\"400\" height=\"227\" srcset=\"https:\/\/czarna5.zhp.net.pl\/wp-content\/uploads\/2015\/02\/DSC_4525-1-400x227.jpg 400w, https:\/\/czarna5.zhp.net.pl\/wp-content\/uploads\/2015\/02\/DSC_4525-1.jpg 1024w, https:\/\/czarna5.zhp.net.pl\/wp-content\/uploads\/2015\/02\/DSC_4525-1-500x284.jpg 500w\" sizes=\"(max-width: 400px) 100vw, 400px\" \/><\/a><\/p>\n","protected":false},"excerpt":{"rendered":"<p>Nasza dru\u017cyna dzia\u0142a nieprzerwanie od 2014 na terenie Centrum w D\u0105browie G\u00f3rniczej. Zrzeszamy m\u0142odzie\u017c w wieku 13-16 lat (7, 8 klasa szko\u0142y podstawowej i 1 klasa szko\u0142y \u015bredniej). Dzia\u0142amy w Zwi\u0105zku Harcerstwa Polskiego, kt\u00f3ry jest najwi\u0119ksz\u0105 organizacj\u0105 m\u0142odzie\u017cow\u0105 i wychowawcz\u0105 &hellip; <a class=\"more-link\" href=\"https:\/\/czarna5.zhp.net.pl\/?page_id=996\">Czytaj dalej <span class=\"meta-nav\">&rarr;<\/span><\/a><\/p>\n","protected":false},"author":1,"featured_media":0,"parent":0,"menu_order":0,"comment_status":"closed","ping_status":"closed","template":"","meta":[],"_links":{"self":[{"href":"https:\/\/czarna5.zhp.net.pl\/index.php?rest_route=\/wp\/v2\/pages\/996"}],"collection":[{"href":"https:\/\/czarna5.zhp.net.pl\/index.php?rest_route=\/wp\/v2\/pages"}],"about":[{"href":"https:\/\/czarna5.zhp.net.pl\/index.php?rest_route=\/wp\/v2\/types\/page"}],"author":[{"embeddable":true,"href":"https:\/\/czarna5.zhp.net.pl\/index.php?rest_route=\/wp\/v2\/users\/1"}],"replies":[{"embeddable":true,"href":"https:\/\/czarna5.zhp.net.pl\/index.php?rest_route=%2Fwp%2Fv2%2Fcomments&post=996"}],"version-history":[{"count":12,"href":"https:\/\/czarna5.zhp.net.pl\/index.php?rest_route=\/wp\/v2\/pages\/996\/revisions"}],"predecessor-version":[{"id":2022,"href":"https:\/\/czarna5.zhp.net.pl\/index.php?rest_route=\/wp\/v2\/pages\/996\/revisions\/2022"}],"wp:attachment":[{"href":"https:\/\/czarna5.zhp.net.pl\/index.php?rest_route=%2Fwp%2Fv2%2Fmedia&parent=996"}],"curies":[{"name":"wp","href":"https:\/\/api.w.org\/{rel}","templated":true}]}}